{"id":623,"date":"2023-03-30T11:07:32","date_gmt":"2023-03-30T09:07:32","guid":{"rendered":"https:\/\/www.rislanehakym.fr\/?page_id=623"},"modified":"2026-03-27T15:30:20","modified_gmt":"2026-03-27T14:30:20","slug":"captations","status":"publish","type":"page","link":"https:\/\/www.rislanehakym.fr\/index.php\/captations\/","title":{"rendered":"CAPTATIONS"},"content":{"rendered":"\n<h2 class=\"wp-block-heading has-text-align-center\"><strong>HISTOIRE DE LA VIOLENCE<\/strong><\/h2>\n\n\n\n<p class=\"has-text-align-center\">Cie anima motrix<\/p>\n\n\n\n<p>Captation, avec ALPHAFILMS, de la pi\u00e8ce HISTOIRE DE LA VIOLENCE d&rsquo;apr\u00e8s \u00c9douard Louis. <\/p>\n\n\n\n<p>Adaptation et mise en sc\u00e8ne par Laurent Hatat et Emma Gustafsson.<\/p>\n\n\n\n<figure class=\"wp-block-embed is-type-video is-provider-vimeo wp-block-embed-vimeo wp-embed-aspect-16-9 wp-has-aspect-ratio\"><div class=\"wp-block-embed__wrapper\">\n<iframe loading=\"lazy\" title=\"Trailer HISTOIRE DE LA VIOLENCE - Cie anima motrix\" src=\"https:\/\/player.vimeo.com\/video\/399063596?dnt=1&amp;app_id=122963\" width=\"780\" height=\"439\" frameborder=\"0\" allow=\"autoplay; fullscreen; picture-in-picture; clipboard-write; encrypted-media; web-share\" referrerpolicy=\"strict-origin-when-cross-origin\"><\/iframe>\n<\/div><\/figure>\n\n\n\n<div style=\"height:100px\" aria-hidden=\"true\" class=\"wp-block-spacer\"><\/div>\n\n\n\n<h2 class=\"wp-block-heading has-text-align-center\"><strong>L&rsquo;ART D&rsquo;ACC\u00c9DER \u00c0 L&rsquo;EMPLOI<\/strong><\/h2>\n\n\n\n<p class=\"has-text-align-center\">P\u00f4le emploi<\/p>\n\n\n\n<p>Baptis\u00e9 \u00ab L\u2019art d\u2019acc\u00e9der \u00e0 l\u2019emploi \u00bb, le dispositif lanc\u00e9 dans les Hauts-de-France en d\u00e9cembre 2021, s\u2019est d\u00e9j\u00e0 d\u00e9clin\u00e9 au cirque, au th\u00e9\u00e2tre avec une centaine d\u2019op\u00e9rations en 2022. <\/p>\n\n\n\n<p>Les demandeurs d\u2019emploi et musiciens, unis pour un concert d\u2019un soir organis\u00e9 par&nbsp;P\u00f4le Emploi, face \u00e0 de potentiels employeurs.<\/p>\n\n\n\n<p><em>Captation live. Cam\u00e9ra \u00e0 l&rsquo;avant-sc\u00e8ne c\u00f4t\u00e9 cour.<\/em><\/p>\n\n\n\n<figure class=\"wp-block-embed is-type-video is-provider-youtube wp-block-embed-youtube wp-embed-aspect-16-9 wp-has-aspect-ratio\"><div class=\"wp-block-embed__wrapper\">\n<iframe loading=\"lazy\" title=\"CONCERT P\u00d4LE EMPLOI\" width=\"780\" height=\"439\" src=\"https:\/\/www.youtube.com\/embed\/dUC7u0TZcCE?feature=oembed\" frameborder=\"0\" allow=\"accelerometer; autoplay; clipboard-write; encrypted-media; gyroscope; picture-in-picture; web-share\" referrerpolicy=\"strict-origin-when-cross-origin\" allowfullscreen><\/iframe>\n<\/div><\/figure>\n\n\n\n<div style=\"height:100px\" aria-hidden=\"true\" class=\"wp-block-spacer\"><\/div>\n\n\n\n<h2 class=\"wp-block-heading has-text-align-center\">ODYSS\u00c9ES 2020<\/h2>\n\n\n\n<p class=\"has-text-align-center\">Cie du Rouhault<\/p>\n\n\n\n<p>Captation, avec ALPHAFILMS, du spectacle \u00ab\u00a0Odyss\u00e9es 2020\u00a0\u00bb jou\u00e9 \u00e0 La Com\u00e9die de B\u00e9thune. <\/p>\n\n\n\n<p>Textes : Textes : Baptiste Amann, C\u00e9lia Houdart, Mariette Navarro, Yann Verburgh. Mise en sc\u00e8ne : No\u00e9mie Rosenblatt.<\/p>\n\n\n\n<figure class=\"wp-block-embed is-type-video is-provider-youtube wp-block-embed-youtube wp-embed-aspect-16-9 wp-has-aspect-ratio\"><div class=\"wp-block-embed__wrapper\">\n<iframe loading=\"lazy\" title=\"Odyss\u00e9es 2020 : teaser\" width=\"780\" height=\"439\" src=\"https:\/\/www.youtube.com\/embed\/fr59HpdCduk?feature=oembed\" frameborder=\"0\" allow=\"accelerometer; autoplay; clipboard-write; encrypted-media; gyroscope; picture-in-picture; web-share\" referrerpolicy=\"strict-origin-when-cross-origin\" allowfullscreen><\/iframe>\n<\/div><\/figure>\n\n\n\n<p><\/p>\n","protected":false},"excerpt":{"rendered":"<p>HISTOIRE DE LA VIOLENCE Cie anima motrix Captation, avec ALPHAFILMS, de la pi\u00e8ce HISTOIRE DE LA VIOLENCE d&rsquo;apr\u00e8s \u00c9douard Louis. Adaptation et mise en sc\u00e8ne par Laurent Hatat et Emma Gustafsson. L&rsquo;ART D&rsquo;ACC\u00c9DER \u00c0 L&rsquo;EMPLOI P\u00f4le emploi Baptis\u00e9 \u00ab L\u2019art d\u2019acc\u00e9der \u00e0 l\u2019emploi \u00bb, le dispositif lanc\u00e9 dans les Hauts-de-France en d\u00e9cembre 2021, s\u2019est d\u00e9j\u00e0 &hellip; <\/p>\n","protected":false},"author":1,"featured_media":873,"parent":0,"menu_order":0,"comment_status":"closed","ping_status":"closed","template":"","meta":{"footnotes":""},"class_list":["post-623","page","type-page","status-publish","has-post-thumbnail","hentry"],"yoast_head":"<!-- This site is optimized with the Yoast SEO plugin v23.1 - https:\/\/yoast.com\/wordpress\/plugins\/seo\/ -->\n<title>CAPTATIONS - RISLANE HAKYM<\/title>\n<meta name=\"robots\" content=\"index, follow, max-snippet:-1, max-image-preview:large, max-video-preview:-1\" \/>\n<link rel=\"canonical\" href=\"https:\/\/www.rislanehakym.fr\/index.php\/captations\/\" \/>\n<meta property=\"og:locale\" content=\"fr_FR\" \/>\n<meta property=\"og:type\" content=\"article\" \/>\n<meta property=\"og:title\" content=\"CAPTATIONS - RISLANE HAKYM\" \/>\n<meta property=\"og:description\" content=\"HISTOIRE DE LA VIOLENCE Cie anima motrix Captation, avec ALPHAFILMS, de la pi\u00e8ce HISTOIRE DE LA VIOLENCE d&rsquo;apr\u00e8s \u00c9douard Louis. Adaptation et mise en sc\u00e8ne par Laurent Hatat et Emma Gustafsson. L&rsquo;ART D&rsquo;ACC\u00c9DER \u00c0 L&rsquo;EMPLOI P\u00f4le emploi Baptis\u00e9 \u00ab L\u2019art d\u2019acc\u00e9der \u00e0 l\u2019emploi \u00bb, le dispositif lanc\u00e9 dans les Hauts-de-France en d\u00e9cembre 2021, s\u2019est d\u00e9j\u00e0 &hellip;\" \/>\n<meta property=\"og:url\" content=\"https:\/\/www.rislanehakym.fr\/index.php\/captations\/\" \/>\n<meta property=\"og:site_name\" content=\"RISLANE HAKYM\" \/>\n<meta property=\"article:modified_time\" content=\"2026-03-27T14:30:20+00:00\" \/>\n<meta property=\"og:image\" content=\"https:\/\/www.rislanehakym.fr\/wp-content\/uploads\/2024\/09\/histoire-de-la-violence.png\" \/>\n\t<meta property=\"og:image:width\" content=\"1852\" \/>\n\t<meta property=\"og:image:height\" content=\"800\" \/>\n\t<meta property=\"og:image:type\" content=\"image\/png\" \/>\n<meta name=\"twitter:card\" content=\"summary_large_image\" \/>\n<meta name=\"twitter:label1\" content=\"Dur\u00e9e de lecture estim\u00e9e\" \/>\n\t<meta name=\"twitter:data1\" content=\"1 minute\" \/>\n<script type=\"application\/ld+json\" class=\"yoast-schema-graph\">{\"@context\":\"https:\/\/schema.org\",\"@graph\":[{\"@type\":[\"WebPage\",\"ProfilePage\"],\"@id\":\"https:\/\/www.rislanehakym.fr\/index.php\/captations\/\",\"url\":\"https:\/\/www.rislanehakym.fr\/index.php\/captations\/\",\"name\":\"CAPTATIONS - RISLANE HAKYM\",\"isPartOf\":{\"@id\":\"https:\/\/www.rislanehakym.fr\/#website\"},\"primaryImageOfPage\":{\"@id\":\"https:\/\/www.rislanehakym.fr\/index.php\/captations\/#primaryimage\"},\"image\":{\"@id\":\"https:\/\/www.rislanehakym.fr\/index.php\/captations\/#primaryimage\"},\"thumbnailUrl\":\"https:\/\/www.rislanehakym.fr\/wp-content\/uploads\/2024\/09\/histoire-de-la-violence.png\",\"datePublished\":\"2023-03-30T09:07:32+00:00\",\"dateModified\":\"2026-03-27T14:30:20+00:00\",\"breadcrumb\":{\"@id\":\"https:\/\/www.rislanehakym.fr\/index.php\/captations\/#breadcrumb\"},\"inLanguage\":\"fr-FR\",\"potentialAction\":[{\"@type\":\"ReadAction\",\"target\":[\"https:\/\/www.rislanehakym.fr\/index.php\/captations\/\"]}]},{\"@type\":\"ImageObject\",\"inLanguage\":\"fr-FR\",\"@id\":\"https:\/\/www.rislanehakym.fr\/index.php\/captations\/#primaryimage\",\"url\":\"https:\/\/www.rislanehakym.fr\/wp-content\/uploads\/2024\/09\/histoire-de-la-violence.png\",\"contentUrl\":\"https:\/\/www.rislanehakym.fr\/wp-content\/uploads\/2024\/09\/histoire-de-la-violence.png\",\"width\":1852,\"height\":800},{\"@type\":\"BreadcrumbList\",\"@id\":\"https:\/\/www.rislanehakym.fr\/index.php\/captations\/#breadcrumb\",\"itemListElement\":[{\"@type\":\"ListItem\",\"position\":1,\"name\":\"Accueil\",\"item\":\"https:\/\/www.rislanehakym.fr\/\"},{\"@type\":\"ListItem\",\"position\":2,\"name\":\"CAPTATIONS\"}]},{\"@type\":\"WebSite\",\"@id\":\"https:\/\/www.rislanehakym.fr\/#website\",\"url\":\"https:\/\/www.rislanehakym.fr\/\",\"name\":\"Rislane HAKYM\",\"description\":\"\",\"publisher\":{\"@id\":\"https:\/\/www.rislanehakym.fr\/#organization\"},\"potentialAction\":[{\"@type\":\"SearchAction\",\"target\":{\"@type\":\"EntryPoint\",\"urlTemplate\":\"https:\/\/www.rislanehakym.fr\/?s={search_term_string}\"},\"query-input\":\"required name=search_term_string\"}],\"inLanguage\":\"fr-FR\"},{\"@type\":\"Organization\",\"@id\":\"https:\/\/www.rislanehakym.fr\/#organization\",\"name\":\"Rislane HAKYM\",\"url\":\"https:\/\/www.rislanehakym.fr\/\",\"logo\":{\"@type\":\"ImageObject\",\"inLanguage\":\"fr-FR\",\"@id\":\"https:\/\/www.rislanehakym.fr\/#\/schema\/logo\/image\/\",\"url\":\"https:\/\/www.rislanehakym.fr\/wp-content\/uploads\/2025\/10\/adhoc.jpg\",\"contentUrl\":\"https:\/\/www.rislanehakym.fr\/wp-content\/uploads\/2025\/10\/adhoc.jpg\",\"width\":2000,\"height\":1008,\"caption\":\"Rislane HAKYM\"},\"image\":{\"@id\":\"https:\/\/www.rislanehakym.fr\/#\/schema\/logo\/image\/\"},\"mainEntityOfPage\":{\"@id\":\"https:\/\/www.rislanehakym.fr\/index.php\/captations\/\"}}]}<\/script>\n<!-- \/ Yoast SEO plugin. -->","yoast_head_json":{"title":"CAPTATIONS - RISLANE HAKYM","robots":{"index":"index","follow":"follow","max-snippet":"max-snippet:-1","max-image-preview":"max-image-preview:large","max-video-preview":"max-video-preview:-1"},"canonical":"https:\/\/www.rislanehakym.fr\/index.php\/captations\/","og_locale":"fr_FR","og_type":"article","og_title":"CAPTATIONS - RISLANE HAKYM","og_description":"HISTOIRE DE LA VIOLENCE Cie anima motrix Captation, avec ALPHAFILMS, de la pi\u00e8ce HISTOIRE DE LA VIOLENCE d&rsquo;apr\u00e8s \u00c9douard Louis. Adaptation et mise en sc\u00e8ne par Laurent Hatat et Emma Gustafsson. L&rsquo;ART D&rsquo;ACC\u00c9DER \u00c0 L&rsquo;EMPLOI P\u00f4le emploi Baptis\u00e9 \u00ab L\u2019art d\u2019acc\u00e9der \u00e0 l\u2019emploi \u00bb, le dispositif lanc\u00e9 dans les Hauts-de-France en d\u00e9cembre 2021, s\u2019est d\u00e9j\u00e0 &hellip;","og_url":"https:\/\/www.rislanehakym.fr\/index.php\/captations\/","og_site_name":"RISLANE HAKYM","article_modified_time":"2026-03-27T14:30:20+00:00","og_image":[{"width":1852,"height":800,"url":"https:\/\/www.rislanehakym.fr\/wp-content\/uploads\/2024\/09\/histoire-de-la-violence.png","type":"image\/png"}],"twitter_card":"summary_large_image","twitter_misc":{"Dur\u00e9e de lecture estim\u00e9e":"1 minute"},"schema":{"@context":"https:\/\/schema.org","@graph":[{"@type":["WebPage","ProfilePage"],"@id":"https:\/\/www.rislanehakym.fr\/index.php\/captations\/","url":"https:\/\/www.rislanehakym.fr\/index.php\/captations\/","name":"CAPTATIONS - RISLANE HAKYM","isPartOf":{"@id":"https:\/\/www.rislanehakym.fr\/#website"},"primaryImageOfPage":{"@id":"https:\/\/www.rislanehakym.fr\/index.php\/captations\/#primaryimage"},"image":{"@id":"https:\/\/www.rislanehakym.fr\/index.php\/captations\/#primaryimage"},"thumbnailUrl":"https:\/\/www.rislanehakym.fr\/wp-content\/uploads\/2024\/09\/histoire-de-la-violence.png","datePublished":"2023-03-30T09:07:32+00:00","dateModified":"2026-03-27T14:30:20+00:00","breadcrumb":{"@id":"https:\/\/www.rislanehakym.fr\/index.php\/captations\/#breadcrumb"},"inLanguage":"fr-FR","potentialAction":[{"@type":"ReadAction","target":["https:\/\/www.rislanehakym.fr\/index.php\/captations\/"]}]},{"@type":"ImageObject","inLanguage":"fr-FR","@id":"https:\/\/www.rislanehakym.fr\/index.php\/captations\/#primaryimage","url":"https:\/\/www.rislanehakym.fr\/wp-content\/uploads\/2024\/09\/histoire-de-la-violence.png","contentUrl":"https:\/\/www.rislanehakym.fr\/wp-content\/uploads\/2024\/09\/histoire-de-la-violence.png","width":1852,"height":800},{"@type":"BreadcrumbList","@id":"https:\/\/www.rislanehakym.fr\/index.php\/captations\/#breadcrumb","itemListElement":[{"@type":"ListItem","position":1,"name":"Accueil","item":"https:\/\/www.rislanehakym.fr\/"},{"@type":"ListItem","position":2,"name":"CAPTATIONS"}]},{"@type":"WebSite","@id":"https:\/\/www.rislanehakym.fr\/#website","url":"https:\/\/www.rislanehakym.fr\/","name":"Rislane HAKYM","description":"","publisher":{"@id":"https:\/\/www.rislanehakym.fr\/#organization"},"potentialAction":[{"@type":"SearchAction","target":{"@type":"EntryPoint","urlTemplate":"https:\/\/www.rislanehakym.fr\/?s={search_term_string}"},"query-input":"required name=search_term_string"}],"inLanguage":"fr-FR"},{"@type":"Organization","@id":"https:\/\/www.rislanehakym.fr\/#organization","name":"Rislane HAKYM","url":"https:\/\/www.rislanehakym.fr\/","logo":{"@type":"ImageObject","inLanguage":"fr-FR","@id":"https:\/\/www.rislanehakym.fr\/#\/schema\/logo\/image\/","url":"https:\/\/www.rislanehakym.fr\/wp-content\/uploads\/2025\/10\/adhoc.jpg","contentUrl":"https:\/\/www.rislanehakym.fr\/wp-content\/uploads\/2025\/10\/adhoc.jpg","width":2000,"height":1008,"caption":"Rislane HAKYM"},"image":{"@id":"https:\/\/www.rislanehakym.fr\/#\/schema\/logo\/image\/"},"mainEntityOfPage":{"@id":"https:\/\/www.rislanehakym.fr\/index.php\/captations\/"}}]}},"_links":{"self":[{"href":"https:\/\/www.rislanehakym.fr\/index.php\/wp-json\/wp\/v2\/pages\/623","targetHints":{"allow":["GET"]}}],"collection":[{"href":"https:\/\/www.rislanehakym.fr\/index.php\/wp-json\/wp\/v2\/pages"}],"about":[{"href":"https:\/\/www.rislanehakym.fr\/index.php\/wp-json\/wp\/v2\/types\/page"}],"author":[{"embeddable":true,"href":"https:\/\/www.rislanehakym.fr\/index.php\/wp-json\/wp\/v2\/users\/1"}],"replies":[{"embeddable":true,"href":"https:\/\/www.rislanehakym.fr\/index.php\/wp-json\/wp\/v2\/comments?post=623"}],"version-history":[{"count":17,"href":"https:\/\/www.rislanehakym.fr\/index.php\/wp-json\/wp\/v2\/pages\/623\/revisions"}],"predecessor-version":[{"id":1221,"href":"https:\/\/www.rislanehakym.fr\/index.php\/wp-json\/wp\/v2\/pages\/623\/revisions\/1221"}],"wp:featuredmedia":[{"embeddable":true,"href":"https:\/\/www.rislanehakym.fr\/index.php\/wp-json\/wp\/v2\/media\/873"}],"wp:attachment":[{"href":"https:\/\/www.rislanehakym.fr\/index.php\/wp-json\/wp\/v2\/media?parent=623"}],"curies":[{"name":"wp","href":"https:\/\/api.w.org\/{rel}","templated":true}]}}